{"id":29504,"date":"2024-02-19T11:56:50","date_gmt":"2024-02-19T10:56:50","guid":{"rendered":"https:\/\/yogastories.reyoga.eu\/social-engagement\/"},"modified":"2024-04-12T09:14:09","modified_gmt":"2024-04-12T07:14:09","slug":"soziales-engagement","status":"publish","type":"page","link":"https:\/\/yogastories.reyoga.eu\/de\/soziales-engagement\/","title":{"rendered":"Soziales Engagement"},"content":{"rendered":"<div class=\"wpb-content-wrapper\"><p>[vc_row full_width=&#8220;stretch_row&#8220; equal_height=&#8220;yes&#8220; content_placement=&#8220;middle&#8220; css=&#8220;.vc_custom_1707917523730{margin-top: -24px !important;padding-top: 50px !important;padding-bottom: 50px !important;background-color: rgba(213,190,164,0.26) !important;*background-color: rgb(213,190,164) !important;}&#8220; tablet_padding_top=&#8220;50&#8243; tablet_padding_bottom=&#8220;50&#8243; mobile_padding_top=&#8220;0&#8243; mobile_padding_bottom=&#8220;0&#8243;][vc_column][vc_row_inner el_disable_mobile=&#8220;1&#8243;][vc_column_inner][vc_column_text css=&#8220;.vc_custom_1709120396624{padding-left: px !important;}&#8220;]<\/p>\n<h1 style=\"font-size: 80px; line-height: 84px;\">Tu Gutes und sprich dar\u00fcber<\/h1>\n<p>[\/vc_column_text][vc_column_text]<\/p>\n<h4><span style=\"font-weight: 400; font-size: 23px; line-height: 25px;\">Wir wollen unseren Teil dazu beitragen und dort helfen, wo es am n\u00f6tigsten ist. In dieser Kategorie erz\u00e4hlen wir von sozialen Projekten, die uns besonders am Herzen liegen und die wir unterst\u00fctzen konnten.<\/span><\/h4>\n<p>[\/vc_column_text][\/vc_column_inner][\/vc_row_inner][vc_row_inner el_disable_desktop=&#8220;1&#8243; el_disable_tablet=&#8220;1&#8243;][vc_column_inner css=&#8220;.vc_custom_1707917332155{padding-top: 25px !important;padding-bottom: 25px !important;}&#8220;][vc_column_text css=&#8220;.vc_custom_1709120404128{padding-left: px !important;}&#8220;]<\/p>\n<h1 style=\"font-size: 45px; line-height: 47px;\">Tu Gutes und sprich dar\u00fcber<\/h1>\n<p>[\/vc_column_text][vc_column_text]<\/p>\n<h4><span style=\"font-weight: 400; font-size: 20px; line-height: 22px;\">Wir wollen unseren Teil dazu beitragen und dort helfen, wo es am n\u00f6tigsten ist. In dieser Kategorie erz\u00e4hlen wir von sozialen Projekten, die uns besonders am Herzen liegen und die wir unterst\u00fctzen konnten.<\/span><\/h4>\n<p>[\/vc_column_text][\/vc_column_inner][\/vc_row_inner][\/vc_column][\/vc_row][vc_row][vc_column]<style>.portfolio.news-grid#style-9881003 .portfolio-item:not(.size-item), .preloader#style-preloader-9881003 .portfolio-item { padding: calc(42px\/2) !important; }.portfolio.news-grid#style-9881003 .portfolio-item.size-item { padding: 0 calc(42px\/2) !important; }.portfolio.news-grid#style-9881003 .portfolio-row, .preloader#style-preloader-9881003 .skeleton-posts.portfolio-row { margin: calc(-42px\/2); }.portfolio.news-grid#style-9881003.fullwidth-columns .portfolio-row { margin: calc(-42px\/2) 0; }.portfolio.news-grid#style-9881003 .fullwidth-block:not(.no-paddings) { padding-left: 42px; padding-right: 42px; }.portfolio.news-grid#style-9881003 .fullwidth-block .portfolio-row { padding-left: calc(42px\/2); padding-right: calc(42px\/2); }.portfolio.news-grid#style-9881003 .fullwidth-block .portfolio-top-panel { padding-left: 42px; padding-right: 42px; }.portfolio.news-grid#style-9881003.fullwidth-columns .with-filter-sidebar .filter-sidebar { padding-left: 42px; }.portfolio.news-grid#style-9881003.list-style.with-divider .portfolio-item .wrap:before { top: calc(-42px\/2); }.portfolio.news-grid#style-9881003 .portfolio-item .caption .title span { letter-spacing: px !important; }<\/style><style>.portfolio.news-grid#style-9881003 .portfolio-filters { text-align: center; }<\/style> <div class=\"portfolio-preloader-wrapper panel-sidebar-position-left\"> <div class=\"portfolio portfolio-grid extended-portfolio-grid news-grid no-padding portfolio-pagination-more portfolio-style-justified background-style-transparent title-style-light hover-default title-on-page caption-position-page version-default loading-animation item-animation-move-up columns-3 columns-tablet-2 columns-mobile-1 disable-isotope loop-equal-height\" id=\"style-9881003\" data-style-uid=\"9881003\" data-portfolio-uid=\"grid_f8e023b\" data-current-page=\"1\" data-per-page=\"9\" data-next-page=\"0\" data-pages-count=\"1\" data-hover=\"default\" data-portfolio-filter=\"[]\" data-portfolio-filter-attributes=\"null\" data-portfolio-filter-status=\"null\" data-portfolio-filter-price=\"null\" data-portfolio-filter-search=\"\"> <div class=\"portfolio-row-outer \"> <div class=\"portfolio-top-panel filter-type-default selected-only\"> <div class=\"portfolio-top-panel-row filter-style-buttons\"> <div class=\"portfolio-top-panel-left\"><div class=\"portfolio-filter-item portfolio-selected-filters left\"> <div class=\"portfolio-selected-filter-item clear-filters\"> Clear Filters\t<\/div> <\/div> <\/div> <div class=\"portfolio-top-panel-right\"> <\/div> <\/div> <\/div> <div class=\"row portfolio-row\"> <div class=\"portfolio-set clearfix\" data-max-row-height=\"380\"> <div class=\"portfolio-item soziales-engagement col-xs-12 col-sm-6 col-md-4 item-animations-not-inited show-caption-border post-has-author post-33384 post type-post status-publish format-standard has-post-thumbnail category-soziales-engagement tag-knyphausen-stiftung tag-spende\" data-default-sort=\"0\" data-sort-date=\"1743586631\"> <div class=\"thegem-template-wrapper thegem-template-loop-item thegem-template-29445 thegem-loop-post-33384\"> <style>.vc_custom_1707822582591{padding-top: 0px !important;padding-right: 0px !important;padding-bottom: 30px !important;padding-left: 0px !important;}.vc_custom_1707911241559{padding-top: 20px !important;padding-bottom: 5px !important;}.vc_custom_1707822684331{padding-top: 10px !important;}.vc_custom_1707822724475{padding-right: 25px !important;padding-left: 10px !important;}.vc_custom_1707822614481{padding-top: 20px !important;padding-right: 25px !important;padding-bottom: 20px !important;padding-left: 25px !important;}<\/style>[vc_row css=\".vc_custom_1707822582591{padding-top: 0px !important;padding-right: 0px !important;padding-bottom: 30px !important;padding-left: 0px !important;}\"][vc_column]<style>.thegem-te-loop-featured-media.thegem-custom-6a9d2b0e3120c7971:not(.custom-video-ratio).image-aspect-ratio .media-inner-wrap {aspect-ratio: 1;}.thegem-te-loop-featured-media.thegem-custom-6a9d2b0e3120c7971 .media-inner-wrap img {opacity: calc(100\/100);}.thegem-te-loop-featured-media.thegem-custom-6a9d2b0e3120c7971.image-hover-effect a:hover .media-inner-wrap img {opacity: calc(100\/100);}.thegem-te-loop-featured-media.thegem-custom-6a9d2b0e3120c7971 .media-inner-wrap:before {background-color: rgba(0,0,0,0.01);}.thegem-te-loop-featured-media.thegem-custom-6a9d2b0e3120c7971 .media-inner-wrap .portfolio-image-slider:before {background-color: rgba(0,0,0,0.01);}.thegem-te-loop-featured-media.thegem-custom-6a9d2b0e3120c7971.image-hover-effect a:hover .media-inner-wrap:before {background-color: rgba(210,228,154,0.47);}.thegem-te-loop-featured-media.thegem-custom-6a9d2b0e3120c7971 .media-inner-wrap {box-shadow: 0px 5px 5px -5px rgba(0,0,0,0.15);}.thegem-te-loop-featured-media.thegem-custom-6a9d2b0e3120c7971.image-hover-effect a:hover .media-inner-wrap {box-shadow: 0px 5px 5px -5px rgba(0,0,0,0.15);}<\/style><div class=\"thegem-te-loop-featured-media image-aspect-ratio image-hover-effect image-position-left appearance-type-image loop-item-type-justify thegem-custom-6a9d2b0e3120c7971\"> <a href=https:\/\/yogastories.reyoga.eu\/de\/soziales-engagement\/knyphausen-stiftung-yoga-fuer-in-botswana\/ target=_self> <div class=\"featured-media \"> <div class=\"media-inner-wrap\"> <picture> <source srcset=\"https:\/\/yogastories.reyoga.eu\/wp-content\/uploads\/2025\/03\/IMG_5269-1-thegem-product-justified-square-xl.jpg 1x\" sizes=\"100vw\"> <img src=\"https:\/\/yogastories.reyoga.eu\/wp-content\/uploads\/2025\/03\/IMG_5269-1-thegem-product-justified-square-xl.jpg\" width=\"700\" height=\"700\" class=\"attachment-thegem-product-justified-square-xl\" alt=\"Knyphausen Stiftung &#8211; Yoga f\u00fcr Kinder und Jugendliche in Botswana\" \/> <\/picture> <\/div> <\/div> <\/a> <\/div><style>.thegem-te-post-title.thegem-custom-6a9d2b0e318bb2070 {justify-content: left; text-align: left;}.thegem-te-post-title.thegem-custom-6a9d2b0e318bb2070 .post-title {letter-spacing: 0px;}.thegem-te-post-title.thegem-custom-6a9d2b0e318bb2070 .post-title {text-transform: none;}.thegem-te-post-title.thegem-custom-6a9d2b0e318bb2070 .post-title span {max-height: initial; white-space: initial; display: -webkit-box; -webkit-line-clamp: 2; line-clamp: 2; -webkit-box-orient: vertical; overflow: hidden; text-overflow: ellipsis;}.thegem-te-post-title.thegem-custom-6a9d2b0e318bb2070 .post-title {font-size: 20px;}.thegem-te-post-title.thegem-custom-6a9d2b0e318bb2070 .post-title {line-height: 22px;}<\/style><div class=\"thegem-te-post-title vc_custom_1707911241559 thegem-custom-6a9d2b0e318bb2070\"> <div class=\"post-title title-h1 \"> <a href=https:\/\/yogastories.reyoga.eu\/de\/soziales-engagement\/knyphausen-stiftung-yoga-fuer-in-botswana\/ target=_self> <span>Knyphausen Stiftung &#8211; Yoga f\u00fcr Kinder und Jugendliche in Botswana<\/span> <\/a> <\/div> <\/div><style>.thegem-te-post-excerpt.thegem-custom-6a9d2b0e31b927089 {justify-content: left; text-align: left;}.thegem-te-post-excerpt.thegem-custom-6a9d2b0e31b927089 .post-excerpt {max-height: initial; white-space: initial; display: -webkit-box; -webkit-line-clamp: 3; line-clamp: 3; -webkit-box-orient: vertical; overflow: hidden; text-overflow: ellipsis;}.thegem-te-post-excerpt.thegem-custom-6a9d2b0e31b927089 .post-excerpt {font-size: 16px;}.thegem-te-post-excerpt.thegem-custom-6a9d2b0e31b927089 .post-excerpt {line-height: 18px;}<\/style><div class=\"thegem-te-post-excerpt vc_custom_1707822684331 thegem-custom-6a9d2b0e31b927089\"> <div class=\"post-excerpt \"> Zus\u00e4tzlich zu ihren Umweltprojekten bietet die gemeinn\u00fctzige Organisation nun auch Yoga f\u00fcr Kinder in Botswana an. Wir freuen uns, ein Teil davon zu sein. <\/div> <\/div><style type=\"text\/css\">.thegem-button-6a9d2b0e31e709596 .gem-button {font-size: 12px;}.thegem-button-6a9d2b0e31e709596 .gem-button-text {font-size: 12px;}@media (max-width: 992px) {.thegem-button-6a9d2b0e31e709596 .gem-button {font-size: 12px;}}@media (max-width: 992px) {.thegem-button-6a9d2b0e31e709596 .gem-button-text {font-size: 12px;}}@media (max-width: 767px) {.thegem-button-6a9d2b0e31e709596 .gem-button {font-size: 12px;}}@media (max-width: 767px) {.thegem-button-6a9d2b0e31e709596 .gem-button-text {font-size: 12px;}}.thegem-button-6a9d2b0e31e709596 .gem-button svg {fill: #76a070;}<\/style><div class=\"gem-button-container gem-button-position-right thegem-button-6a9d2b0e31e709596 \" ><a class=\"gem-button gem-button-size-tiny gem-button-style-flat gem-button-text-weight-normal gem-button-icon-position-left gem-button-tablet-size-tiny gem-button-mobile-size-tiny\" data-ll-effect=\"drop-right-without-wrap\" style=\"border-radius: 3px;background-color: rgba(255,255,255,0.01);color: #76a070;\" onmouseleave=\"this.style.backgroundColor='rgba(255,255,255,0.01)';this.style.color='#76a070';\" onmouseenter=\"\" href=\"https:\/\/yogastories.reyoga.eu\/de\/soziales-engagement\/knyphausen-stiftung-yoga-fuer-in-botswana\/\" target=\"_self\"><i class=\"gem-print-icon gem-icon-pack-elegant \">&#x24;<\/i>Weiterlesen<\/a><\/div> [vc_row_inner position_absolute=\"absolute\" position_absolute_offset_x=\"\" position_absolute_offset_y=\"7\" position_absolute_offset_x_tablet=\"\" position_absolute_vertical_tablet=\"bottom\" position_absolute_offset_y_tablet=\"\" position_absolute_offset_x_mobile=\"0\" position_absolute_vertical_mobile=\"bottom\" position_absolute_offset_y_mobile=\"-80\" css=\".vc_custom_1707822724475{padding-right: 25px !important;padding-left: 10px !important;}\" position_absolute_width=\"110%\"][vc_column_inner css=\".vc_custom_1707822614481{padding-top: 20px !important;padding-right: 25px !important;padding-bottom: 20px !important;padding-left: 25px !important;}\"][\/vc_column_inner][\/vc_row_inner][\/vc_column][\/vc_row]\t<\/div> <\/div>\n<div class=\"portfolio-item soziales-engagement col-xs-12 col-sm-6 col-md-4 item-animations-not-inited show-caption-border post-has-author post-33126 post type-post status-publish format-standard has-post-thumbnail category-soziales-engagement tag-yoga-fuer-kinder tag-yoga-und-mukoviszidose\" data-default-sort=\"0\" data-sort-date=\"1712749894\"> <div class=\"thegem-template-wrapper thegem-template-loop-item thegem-template-29445 thegem-loop-post-33126\"> <style>.vc_custom_1707822582591{padding-top: 0px !important;padding-right: 0px !important;padding-bottom: 30px !important;padding-left: 0px !important;}.vc_custom_1707911241559{padding-top: 20px !important;padding-bottom: 5px !important;}.vc_custom_1707822684331{padding-top: 10px !important;}.vc_custom_1707822724475{padding-right: 25px !important;padding-left: 10px !important;}.vc_custom_1707822614481{padding-top: 20px !important;padding-right: 25px !important;padding-bottom: 20px !important;padding-left: 25px !important;}<\/style>[vc_row css=\".vc_custom_1707822582591{padding-top: 0px !important;padding-right: 0px !important;padding-bottom: 30px !important;padding-left: 0px !important;}\"][vc_column]<style>.thegem-te-loop-featured-media.thegem-custom-6a9d2b0e327194772:not(.custom-video-ratio).image-aspect-ratio .media-inner-wrap {aspect-ratio: 1;}.thegem-te-loop-featured-media.thegem-custom-6a9d2b0e327194772 .media-inner-wrap img {opacity: calc(100\/100);}.thegem-te-loop-featured-media.thegem-custom-6a9d2b0e327194772.image-hover-effect a:hover .media-inner-wrap img {opacity: calc(100\/100);}.thegem-te-loop-featured-media.thegem-custom-6a9d2b0e327194772 .media-inner-wrap:before {background-color: rgba(0,0,0,0.01);}.thegem-te-loop-featured-media.thegem-custom-6a9d2b0e327194772 .media-inner-wrap .portfolio-image-slider:before {background-color: rgba(0,0,0,0.01);}.thegem-te-loop-featured-media.thegem-custom-6a9d2b0e327194772.image-hover-effect a:hover .media-inner-wrap:before {background-color: rgba(210,228,154,0.47);}.thegem-te-loop-featured-media.thegem-custom-6a9d2b0e327194772 .media-inner-wrap {box-shadow: 0px 5px 5px -5px rgba(0,0,0,0.15);}.thegem-te-loop-featured-media.thegem-custom-6a9d2b0e327194772.image-hover-effect a:hover .media-inner-wrap {box-shadow: 0px 5px 5px -5px rgba(0,0,0,0.15);}<\/style><div class=\"thegem-te-loop-featured-media image-aspect-ratio image-hover-effect image-position-left appearance-type-image loop-item-type-justify thegem-custom-6a9d2b0e327194772\"> <a href=https:\/\/yogastories.reyoga.eu\/de\/soziales-engagement\/yoga-bei-mukoviszidose\/ target=_self> <div class=\"featured-media \"> <div class=\"media-inner-wrap\"> <picture> <source srcset=\"https:\/\/yogastories.reyoga.eu\/wp-content\/uploads\/2024\/04\/Fabrizzi-e-fisioterapista-1-thegem-product-justified-square-xl.jpg 1x\" sizes=\"100vw\"> <img src=\"https:\/\/yogastories.reyoga.eu\/wp-content\/uploads\/2024\/04\/Fabrizzi-e-fisioterapista-1-thegem-product-justified-square-xl.jpg\" width=\"700\" height=\"700\" class=\"attachment-thegem-product-justified-square-xl\" alt=\"Yoga bei Mukoviszidose: das Angebot der Salesi Krankenhaus Stiftung Ancona\" \/> <\/picture> <\/div> <\/div> <\/a> <\/div><style>.thegem-te-post-title.thegem-custom-6a9d2b0e3347d9533 {justify-content: left; text-align: left;}.thegem-te-post-title.thegem-custom-6a9d2b0e3347d9533 .post-title {letter-spacing: 0px;}.thegem-te-post-title.thegem-custom-6a9d2b0e3347d9533 .post-title {text-transform: none;}.thegem-te-post-title.thegem-custom-6a9d2b0e3347d9533 .post-title span {max-height: initial; white-space: initial; display: -webkit-box; -webkit-line-clamp: 2; line-clamp: 2; -webkit-box-orient: vertical; overflow: hidden; text-overflow: ellipsis;}.thegem-te-post-title.thegem-custom-6a9d2b0e3347d9533 .post-title {font-size: 20px;}.thegem-te-post-title.thegem-custom-6a9d2b0e3347d9533 .post-title {line-height: 22px;}<\/style><div class=\"thegem-te-post-title vc_custom_1707911241559 thegem-custom-6a9d2b0e3347d9533\"> <div class=\"post-title title-h1 \"> <a href=https:\/\/yogastories.reyoga.eu\/de\/soziales-engagement\/yoga-bei-mukoviszidose\/ target=_self> <span>Yoga bei Mukoviszidose: das Angebot der Salesi Krankenhaus Stiftung Ancona<\/span> <\/a> <\/div> <\/div><style>.thegem-te-post-excerpt.thegem-custom-6a9d2b0e3378f7500 {justify-content: left; text-align: left;}.thegem-te-post-excerpt.thegem-custom-6a9d2b0e3378f7500 .post-excerpt {max-height: initial; white-space: initial; display: -webkit-box; -webkit-line-clamp: 3; line-clamp: 3; -webkit-box-orient: vertical; overflow: hidden; text-overflow: ellipsis;}.thegem-te-post-excerpt.thegem-custom-6a9d2b0e3378f7500 .post-excerpt {font-size: 16px;}.thegem-te-post-excerpt.thegem-custom-6a9d2b0e3378f7500 .post-excerpt {line-height: 18px;}<\/style><div class=\"thegem-te-post-excerpt vc_custom_1707822684331 thegem-custom-6a9d2b0e3378f7500\"> <div class=\"post-excerpt \"> F\u00fchrende \u00c4rzte und Physiotherapeuten, die f\u00fcr die Stiftung des Salesi-Krankenhauses in Ancona verantwortlich sind, haben beschlossen, einen Yoga-Kurs f\u00fcr Kinder mit Mukoviszidose anzubieten. <\/div> <\/div><style type=\"text\/css\">.thegem-button-6a9d2b0e33ae99294 .gem-button {font-size: 12px;}.thegem-button-6a9d2b0e33ae99294 .gem-button-text {font-size: 12px;}@media (max-width: 992px) {.thegem-button-6a9d2b0e33ae99294 .gem-button {font-size: 12px;}}@media (max-width: 992px) {.thegem-button-6a9d2b0e33ae99294 .gem-button-text {font-size: 12px;}}@media (max-width: 767px) {.thegem-button-6a9d2b0e33ae99294 .gem-button {font-size: 12px;}}@media (max-width: 767px) {.thegem-button-6a9d2b0e33ae99294 .gem-button-text {font-size: 12px;}}.thegem-button-6a9d2b0e33ae99294 .gem-button svg {fill: #76a070;}<\/style><div class=\"gem-button-container gem-button-position-right thegem-button-6a9d2b0e33ae99294 \" ><a class=\"gem-button gem-button-size-tiny gem-button-style-flat gem-button-text-weight-normal gem-button-icon-position-left gem-button-tablet-size-tiny gem-button-mobile-size-tiny\" data-ll-effect=\"drop-right-without-wrap\" style=\"border-radius: 3px;background-color: rgba(255,255,255,0.01);color: #76a070;\" onmouseleave=\"this.style.backgroundColor='rgba(255,255,255,0.01)';this.style.color='#76a070';\" onmouseenter=\"\" href=\"https:\/\/yogastories.reyoga.eu\/de\/soziales-engagement\/yoga-bei-mukoviszidose\/\" target=\"_self\"><i class=\"gem-print-icon gem-icon-pack-elegant \">&#x24;<\/i>Weiterlesen<\/a><\/div> [vc_row_inner position_absolute=\"absolute\" position_absolute_offset_x=\"\" position_absolute_offset_y=\"7\" position_absolute_offset_x_tablet=\"\" position_absolute_vertical_tablet=\"bottom\" position_absolute_offset_y_tablet=\"\" position_absolute_offset_x_mobile=\"0\" position_absolute_vertical_mobile=\"bottom\" position_absolute_offset_y_mobile=\"-80\" css=\".vc_custom_1707822724475{padding-right: 25px !important;padding-left: 10px !important;}\" position_absolute_width=\"110%\"][vc_column_inner css=\".vc_custom_1707822614481{padding-top: 20px !important;padding-right: 25px !important;padding-bottom: 20px !important;padding-left: 25px !important;}\"][\/vc_column_inner][\/vc_row_inner][\/vc_column][\/vc_row]\t<\/div> <\/div>\n<div class=\"portfolio-item soziales-engagement col-xs-12 col-sm-6 col-md-4 item-animations-not-inited show-caption-border post-has-author post-33112 post type-post status-publish format-standard has-post-thumbnail category-soziales-engagement tag-solidaritaet tag-yoga-im-gefaengnis\" data-default-sort=\"0\" data-sort-date=\"1712665265\"> <div class=\"thegem-template-wrapper thegem-template-loop-item thegem-template-29445 thegem-loop-post-33112\"> <style>.vc_custom_1707822582591{padding-top: 0px !important;padding-right: 0px !important;padding-bottom: 30px !important;padding-left: 0px !important;}.vc_custom_1707911241559{padding-top: 20px !important;padding-bottom: 5px !important;}.vc_custom_1707822684331{padding-top: 10px !important;}.vc_custom_1707822724475{padding-right: 25px !important;padding-left: 10px !important;}.vc_custom_1707822614481{padding-top: 20px !important;padding-right: 25px !important;padding-bottom: 20px !important;padding-left: 25px !important;}<\/style>[vc_row css=\".vc_custom_1707822582591{padding-top: 0px !important;padding-right: 0px !important;padding-bottom: 30px !important;padding-left: 0px !important;}\"][vc_column]<style>.thegem-te-loop-featured-media.thegem-custom-6a9d2b0e343675502:not(.custom-video-ratio).image-aspect-ratio .media-inner-wrap {aspect-ratio: 1;}.thegem-te-loop-featured-media.thegem-custom-6a9d2b0e343675502 .media-inner-wrap img {opacity: calc(100\/100);}.thegem-te-loop-featured-media.thegem-custom-6a9d2b0e343675502.image-hover-effect a:hover .media-inner-wrap img {opacity: calc(100\/100);}.thegem-te-loop-featured-media.thegem-custom-6a9d2b0e343675502 .media-inner-wrap:before {background-color: rgba(0,0,0,0.01);}.thegem-te-loop-featured-media.thegem-custom-6a9d2b0e343675502 .media-inner-wrap .portfolio-image-slider:before {background-color: rgba(0,0,0,0.01);}.thegem-te-loop-featured-media.thegem-custom-6a9d2b0e343675502.image-hover-effect a:hover .media-inner-wrap:before {background-color: rgba(210,228,154,0.47);}.thegem-te-loop-featured-media.thegem-custom-6a9d2b0e343675502 .media-inner-wrap {box-shadow: 0px 5px 5px -5px rgba(0,0,0,0.15);}.thegem-te-loop-featured-media.thegem-custom-6a9d2b0e343675502.image-hover-effect a:hover .media-inner-wrap {box-shadow: 0px 5px 5px -5px rgba(0,0,0,0.15);}<\/style><div class=\"thegem-te-loop-featured-media image-aspect-ratio image-hover-effect image-position-left appearance-type-image loop-item-type-justify thegem-custom-6a9d2b0e343675502\"> <a href=https:\/\/yogastories.reyoga.eu\/de\/soziales-engagement\/yoga-im-gefaengnis\/ target=_self> <div class=\"featured-media \"> <div class=\"media-inner-wrap\"> <picture> <source srcset=\"https:\/\/yogastories.reyoga.eu\/wp-content\/uploads\/2024\/04\/rajas-2022-119-thegem-product-justified-square-xl.jpg 1x\" sizes=\"100vw\"> <img src=\"https:\/\/yogastories.reyoga.eu\/wp-content\/uploads\/2024\/04\/rajas-2022-119-thegem-product-justified-square-xl.jpg\" width=\"700\" height=\"700\" class=\"attachment-thegem-product-justified-square-xl\" alt=\"Yoga im Gef\u00e4ngnis\" \/> <\/picture> <\/div> <\/div> <\/a> <\/div><style>.thegem-te-post-title.thegem-custom-6a9d2b0e348f9781 {justify-content: left; text-align: left;}.thegem-te-post-title.thegem-custom-6a9d2b0e348f9781 .post-title {letter-spacing: 0px;}.thegem-te-post-title.thegem-custom-6a9d2b0e348f9781 .post-title {text-transform: none;}.thegem-te-post-title.thegem-custom-6a9d2b0e348f9781 .post-title span {max-height: initial; white-space: initial; display: -webkit-box; -webkit-line-clamp: 2; line-clamp: 2; -webkit-box-orient: vertical; overflow: hidden; text-overflow: ellipsis;}.thegem-te-post-title.thegem-custom-6a9d2b0e348f9781 .post-title {font-size: 20px;}.thegem-te-post-title.thegem-custom-6a9d2b0e348f9781 .post-title {line-height: 22px;}<\/style><div class=\"thegem-te-post-title vc_custom_1707911241559 thegem-custom-6a9d2b0e348f9781\"> <div class=\"post-title title-h1 \"> <a href=https:\/\/yogastories.reyoga.eu\/de\/soziales-engagement\/yoga-im-gefaengnis\/ target=_self> <span>Yoga im Gef\u00e4ngnis<\/span> <\/a> <\/div> <\/div><style>.thegem-te-post-excerpt.thegem-custom-6a9d2b0e34b6e5396 {justify-content: left; text-align: left;}.thegem-te-post-excerpt.thegem-custom-6a9d2b0e34b6e5396 .post-excerpt {max-height: initial; white-space: initial; display: -webkit-box; -webkit-line-clamp: 3; line-clamp: 3; -webkit-box-orient: vertical; overflow: hidden; text-overflow: ellipsis;}.thegem-te-post-excerpt.thegem-custom-6a9d2b0e34b6e5396 .post-excerpt {font-size: 16px;}.thegem-te-post-excerpt.thegem-custom-6a9d2b0e34b6e5396 .post-excerpt {line-height: 18px;}<\/style><div class=\"thegem-te-post-excerpt vc_custom_1707822684331 thegem-custom-6a9d2b0e34b6e5396\"> <div class=\"post-excerpt \"> Jeden Tag k\u00f6nnen wir uns daf\u00fcr entscheiden, neue Wege zu gehen, uns neue M\u00f6glichkeiten zu er\u00f6ffnen und unsere Erfahrung und Professionalit\u00e4t in den Dienst derer zu stellen, die sie am meisten brauchen. So wie Claudia es getan hat, indem sie Yoga in ein Gef\u00e4ngnis brachte. <\/div> <\/div><style type=\"text\/css\">.thegem-button-6a9d2b0e34e879421 .gem-button {font-size: 12px;}.thegem-button-6a9d2b0e34e879421 .gem-button-text {font-size: 12px;}@media (max-width: 992px) {.thegem-button-6a9d2b0e34e879421 .gem-button {font-size: 12px;}}@media (max-width: 992px) {.thegem-button-6a9d2b0e34e879421 .gem-button-text {font-size: 12px;}}@media (max-width: 767px) {.thegem-button-6a9d2b0e34e879421 .gem-button {font-size: 12px;}}@media (max-width: 767px) {.thegem-button-6a9d2b0e34e879421 .gem-button-text {font-size: 12px;}}.thegem-button-6a9d2b0e34e879421 .gem-button svg {fill: #76a070;}<\/style><div class=\"gem-button-container gem-button-position-right thegem-button-6a9d2b0e34e879421 \" ><a class=\"gem-button gem-button-size-tiny gem-button-style-flat gem-button-text-weight-normal gem-button-icon-position-left gem-button-tablet-size-tiny gem-button-mobile-size-tiny\" data-ll-effect=\"drop-right-without-wrap\" style=\"border-radius: 3px;background-color: rgba(255,255,255,0.01);color: #76a070;\" onmouseleave=\"this.style.backgroundColor='rgba(255,255,255,0.01)';this.style.color='#76a070';\" onmouseenter=\"\" href=\"https:\/\/yogastories.reyoga.eu\/de\/soziales-engagement\/yoga-im-gefaengnis\/\" target=\"_self\"><i class=\"gem-print-icon gem-icon-pack-elegant \">&#x24;<\/i>Weiterlesen<\/a><\/div> [vc_row_inner position_absolute=\"absolute\" position_absolute_offset_x=\"\" position_absolute_offset_y=\"7\" position_absolute_offset_x_tablet=\"\" position_absolute_vertical_tablet=\"bottom\" position_absolute_offset_y_tablet=\"\" position_absolute_offset_x_mobile=\"0\" position_absolute_vertical_mobile=\"bottom\" position_absolute_offset_y_mobile=\"-80\" css=\".vc_custom_1707822724475{padding-right: 25px !important;padding-left: 10px !important;}\" position_absolute_width=\"110%\"][vc_column_inner css=\".vc_custom_1707822614481{padding-top: 20px !important;padding-right: 25px !important;padding-bottom: 20px !important;padding-left: 25px !important;}\"][\/vc_column_inner][\/vc_row_inner][\/vc_column][\/vc_row]\t<\/div> <\/div>\n<div class=\"portfolio-item soziales-engagement col-xs-12 col-sm-6 col-md-4 item-animations-not-inited show-caption-border post-has-author post-33084 post type-post status-publish format-standard has-post-thumbnail category-soziales-engagement tag-gemeinnuetzige-organisation\" data-default-sort=\"0\" data-sort-date=\"1706086847\"> <div class=\"thegem-template-wrapper thegem-template-loop-item thegem-template-29445 thegem-loop-post-33084\"> <style>.vc_custom_1707822582591{padding-top: 0px !important;padding-right: 0px !important;padding-bottom: 30px !important;padding-left: 0px !important;}.vc_custom_1707911241559{padding-top: 20px !important;padding-bottom: 5px !important;}.vc_custom_1707822684331{padding-top: 10px !important;}.vc_custom_1707822724475{padding-right: 25px !important;padding-left: 10px !important;}.vc_custom_1707822614481{padding-top: 20px !important;padding-right: 25px !important;padding-bottom: 20px !important;padding-left: 25px !important;}<\/style>[vc_row css=\".vc_custom_1707822582591{padding-top: 0px !important;padding-right: 0px !important;padding-bottom: 30px !important;padding-left: 0px !important;}\"][vc_column]<style>.thegem-te-loop-featured-media.thegem-custom-6a9d2b0e357041830:not(.custom-video-ratio).image-aspect-ratio .media-inner-wrap {aspect-ratio: 1;}.thegem-te-loop-featured-media.thegem-custom-6a9d2b0e357041830 .media-inner-wrap img {opacity: calc(100\/100);}.thegem-te-loop-featured-media.thegem-custom-6a9d2b0e357041830.image-hover-effect a:hover .media-inner-wrap img {opacity: calc(100\/100);}.thegem-te-loop-featured-media.thegem-custom-6a9d2b0e357041830 .media-inner-wrap:before {background-color: rgba(0,0,0,0.01);}.thegem-te-loop-featured-media.thegem-custom-6a9d2b0e357041830 .media-inner-wrap .portfolio-image-slider:before {background-color: rgba(0,0,0,0.01);}.thegem-te-loop-featured-media.thegem-custom-6a9d2b0e357041830.image-hover-effect a:hover .media-inner-wrap:before {background-color: rgba(210,228,154,0.47);}.thegem-te-loop-featured-media.thegem-custom-6a9d2b0e357041830 .media-inner-wrap {box-shadow: 0px 5px 5px -5px rgba(0,0,0,0.15);}.thegem-te-loop-featured-media.thegem-custom-6a9d2b0e357041830.image-hover-effect a:hover .media-inner-wrap {box-shadow: 0px 5px 5px -5px rgba(0,0,0,0.15);}<\/style><div class=\"thegem-te-loop-featured-media image-aspect-ratio image-hover-effect image-position-left appearance-type-image loop-item-type-justify thegem-custom-6a9d2b0e357041830\"> <a href=https:\/\/yogastories.reyoga.eu\/de\/soziales-engagement\/yoga-im-korogocho-slum\/ target=_self> <div class=\"featured-media \"> <div class=\"media-inner-wrap\"> <picture> <source srcset=\"https:\/\/yogastories.reyoga.eu\/wp-content\/uploads\/2024\/01\/una-mano-per-un-sorriso-pietro-stopazzola-kenya-nairobi-reyoga-yoga-32-thegem-product-justified-square-xl.jpg 1x\" sizes=\"100vw\"> <img src=\"https:\/\/yogastories.reyoga.eu\/wp-content\/uploads\/2024\/01\/una-mano-per-un-sorriso-pietro-stopazzola-kenya-nairobi-reyoga-yoga-32-thegem-product-justified-square-xl.jpg\" width=\"700\" height=\"700\" class=\"attachment-thegem-product-justified-square-xl\" alt=\"Yoga im Korogocho-Slum &#8211; Hilfe f\u00fcr Kinder\" \/> <\/picture> <\/div> <\/div> <\/a> <\/div><style>.thegem-te-post-title.thegem-custom-6a9d2b0e35d615749 {justify-content: left; text-align: left;}.thegem-te-post-title.thegem-custom-6a9d2b0e35d615749 .post-title {letter-spacing: 0px;}.thegem-te-post-title.thegem-custom-6a9d2b0e35d615749 .post-title {text-transform: none;}.thegem-te-post-title.thegem-custom-6a9d2b0e35d615749 .post-title span {max-height: initial; white-space: initial; display: -webkit-box; -webkit-line-clamp: 2; line-clamp: 2; -webkit-box-orient: vertical; overflow: hidden; text-overflow: ellipsis;}.thegem-te-post-title.thegem-custom-6a9d2b0e35d615749 .post-title {font-size: 20px;}.thegem-te-post-title.thegem-custom-6a9d2b0e35d615749 .post-title {line-height: 22px;}<\/style><div class=\"thegem-te-post-title vc_custom_1707911241559 thegem-custom-6a9d2b0e35d615749\"> <div class=\"post-title title-h1 \"> <a href=https:\/\/yogastories.reyoga.eu\/de\/soziales-engagement\/yoga-im-korogocho-slum\/ target=_self> <span>Yoga im Korogocho-Slum &#8211; Hilfe f\u00fcr Kinder<\/span> <\/a> <\/div> <\/div><style>.thegem-te-post-excerpt.thegem-custom-6a9d2b0e35fe71027 {justify-content: left; text-align: left;}.thegem-te-post-excerpt.thegem-custom-6a9d2b0e35fe71027 .post-excerpt {max-height: initial; white-space: initial; display: -webkit-box; -webkit-line-clamp: 3; line-clamp: 3; -webkit-box-orient: vertical; overflow: hidden; text-overflow: ellipsis;}.thegem-te-post-excerpt.thegem-custom-6a9d2b0e35fe71027 .post-excerpt {font-size: 16px;}.thegem-te-post-excerpt.thegem-custom-6a9d2b0e35fe71027 .post-excerpt {line-height: 18px;}<\/style><div class=\"thegem-te-post-excerpt vc_custom_1707822684331 thegem-custom-6a9d2b0e35fe71027\"> <div class=\"post-excerpt \"> \"UNA MANO PER UN SORRISO - for children\" ist eine italienische ODV (Freiwilligenorganisation), die auf nationaler und internationaler Ebene t\u00e4tig ist, um humanit\u00e4re Projekte zu entwickeln, die darauf abzielen, die Rechte von Kindern in der ganzen Welt zu verteidigen und die Marginalit\u00e4t zu bek\u00e4mpfen. <\/div> <\/div><style type=\"text\/css\">.thegem-button-6a9d2b0e362b9670 .gem-button {font-size: 12px;}.thegem-button-6a9d2b0e362b9670 .gem-button-text {font-size: 12px;}@media (max-width: 992px) {.thegem-button-6a9d2b0e362b9670 .gem-button {font-size: 12px;}}@media (max-width: 992px) {.thegem-button-6a9d2b0e362b9670 .gem-button-text {font-size: 12px;}}@media (max-width: 767px) {.thegem-button-6a9d2b0e362b9670 .gem-button {font-size: 12px;}}@media (max-width: 767px) {.thegem-button-6a9d2b0e362b9670 .gem-button-text {font-size: 12px;}}.thegem-button-6a9d2b0e362b9670 .gem-button svg {fill: #76a070;}<\/style><div class=\"gem-button-container gem-button-position-right thegem-button-6a9d2b0e362b9670 \" ><a class=\"gem-button gem-button-size-tiny gem-button-style-flat gem-button-text-weight-normal gem-button-icon-position-left gem-button-tablet-size-tiny gem-button-mobile-size-tiny\" data-ll-effect=\"drop-right-without-wrap\" style=\"border-radius: 3px;background-color: rgba(255,255,255,0.01);color: #76a070;\" onmouseleave=\"this.style.backgroundColor='rgba(255,255,255,0.01)';this.style.color='#76a070';\" onmouseenter=\"\" href=\"https:\/\/yogastories.reyoga.eu\/de\/soziales-engagement\/yoga-im-korogocho-slum\/\" target=\"_self\"><i class=\"gem-print-icon gem-icon-pack-elegant \">&#x24;<\/i>Weiterlesen<\/a><\/div> [vc_row_inner position_absolute=\"absolute\" position_absolute_offset_x=\"\" position_absolute_offset_y=\"7\" position_absolute_offset_x_tablet=\"\" position_absolute_vertical_tablet=\"bottom\" position_absolute_offset_y_tablet=\"\" position_absolute_offset_x_mobile=\"0\" position_absolute_vertical_mobile=\"bottom\" position_absolute_offset_y_mobile=\"-80\" css=\".vc_custom_1707822724475{padding-right: 25px !important;padding-left: 10px !important;}\" position_absolute_width=\"110%\"][vc_column_inner css=\".vc_custom_1707822614481{padding-top: 20px !important;padding-right: 25px !important;padding-bottom: 20px !important;padding-left: 25px !important;}\"][\/vc_column_inner][\/vc_row_inner][\/vc_column][\/vc_row]\t<\/div> <\/div>\n<div class=\"portfolio-item soziales-engagement col-xs-12 col-sm-6 col-md-4 item-animations-not-inited show-caption-border post-has-author post-33132 post type-post status-publish format-standard has-post-thumbnail category-soziales-engagement tag-emergency-de tag-hilfsorganisation\" data-default-sort=\"0\" data-sort-date=\"1702290385\"> <div class=\"thegem-template-wrapper thegem-template-loop-item thegem-template-29445 thegem-loop-post-33132\"> <style>.vc_custom_1707822582591{padding-top: 0px !important;padding-right: 0px !important;padding-bottom: 30px !important;padding-left: 0px !important;}.vc_custom_1707911241559{padding-top: 20px !important;padding-bottom: 5px !important;}.vc_custom_1707822684331{padding-top: 10px !important;}.vc_custom_1707822724475{padding-right: 25px !important;padding-left: 10px !important;}.vc_custom_1707822614481{padding-top: 20px !important;padding-right: 25px !important;padding-bottom: 20px !important;padding-left: 25px !important;}<\/style>[vc_row css=\".vc_custom_1707822582591{padding-top: 0px !important;padding-right: 0px !important;padding-bottom: 30px !important;padding-left: 0px !important;}\"][vc_column]<style>.thegem-te-loop-featured-media.thegem-custom-6a9d2b0e36ac05349:not(.custom-video-ratio).image-aspect-ratio .media-inner-wrap {aspect-ratio: 1;}.thegem-te-loop-featured-media.thegem-custom-6a9d2b0e36ac05349 .media-inner-wrap img {opacity: calc(100\/100);}.thegem-te-loop-featured-media.thegem-custom-6a9d2b0e36ac05349.image-hover-effect a:hover .media-inner-wrap img {opacity: calc(100\/100);}.thegem-te-loop-featured-media.thegem-custom-6a9d2b0e36ac05349 .media-inner-wrap:before {background-color: rgba(0,0,0,0.01);}.thegem-te-loop-featured-media.thegem-custom-6a9d2b0e36ac05349 .media-inner-wrap .portfolio-image-slider:before {background-color: rgba(0,0,0,0.01);}.thegem-te-loop-featured-media.thegem-custom-6a9d2b0e36ac05349.image-hover-effect a:hover .media-inner-wrap:before {background-color: rgba(210,228,154,0.47);}.thegem-te-loop-featured-media.thegem-custom-6a9d2b0e36ac05349 .media-inner-wrap {box-shadow: 0px 5px 5px -5px rgba(0,0,0,0.15);}.thegem-te-loop-featured-media.thegem-custom-6a9d2b0e36ac05349.image-hover-effect a:hover .media-inner-wrap {box-shadow: 0px 5px 5px -5px rgba(0,0,0,0.15);}<\/style><div class=\"thegem-te-loop-featured-media image-aspect-ratio image-hover-effect image-position-left appearance-type-image loop-item-type-justify thegem-custom-6a9d2b0e36ac05349\"> <a href=https:\/\/yogastories.reyoga.eu\/de\/soziales-engagement\/reyoga-unterstuetzt-emergency\/ target=_self> <div class=\"featured-media \"> <div class=\"media-inner-wrap\"> <picture> <source srcset=\"https:\/\/yogastories.reyoga.eu\/wp-content\/uploads\/2024\/04\/emergency.jpg 1x\" sizes=\"100vw\"> <img src=\"https:\/\/yogastories.reyoga.eu\/wp-content\/uploads\/2024\/04\/emergency.jpg\" width=\"640\" height=\"480\" class=\"attachment-thegem-product-justified-square-xl\" alt=\"ReYoga unterst\u00fctzt Emergency\" \/> <\/picture> <\/div> <\/div> <\/a> <\/div><style>.thegem-te-post-title.thegem-custom-6a9d2b0e370583006 {justify-content: left; text-align: left;}.thegem-te-post-title.thegem-custom-6a9d2b0e370583006 .post-title {letter-spacing: 0px;}.thegem-te-post-title.thegem-custom-6a9d2b0e370583006 .post-title {text-transform: none;}.thegem-te-post-title.thegem-custom-6a9d2b0e370583006 .post-title span {max-height: initial; white-space: initial; display: -webkit-box; -webkit-line-clamp: 2; line-clamp: 2; -webkit-box-orient: vertical; overflow: hidden; text-overflow: ellipsis;}.thegem-te-post-title.thegem-custom-6a9d2b0e370583006 .post-title {font-size: 20px;}.thegem-te-post-title.thegem-custom-6a9d2b0e370583006 .post-title {line-height: 22px;}<\/style><div class=\"thegem-te-post-title vc_custom_1707911241559 thegem-custom-6a9d2b0e370583006\"> <div class=\"post-title title-h1 \"> <a href=https:\/\/yogastories.reyoga.eu\/de\/soziales-engagement\/reyoga-unterstuetzt-emergency\/ target=_self> <span>ReYoga unterst\u00fctzt Emergency<\/span> <\/a> <\/div> <\/div><style>.thegem-te-post-excerpt.thegem-custom-6a9d2b0e372cf6838 {justify-content: left; text-align: left;}.thegem-te-post-excerpt.thegem-custom-6a9d2b0e372cf6838 .post-excerpt {max-height: initial; white-space: initial; display: -webkit-box; -webkit-line-clamp: 3; line-clamp: 3; -webkit-box-orient: vertical; overflow: hidden; text-overflow: ellipsis;}.thegem-te-post-excerpt.thegem-custom-6a9d2b0e372cf6838 .post-excerpt {font-size: 16px;}.thegem-te-post-excerpt.thegem-custom-6a9d2b0e372cf6838 .post-excerpt {line-height: 18px;}<\/style><div class=\"thegem-te-post-excerpt vc_custom_1707822684331 thegem-custom-6a9d2b0e372cf6838\"> <div class=\"post-excerpt \"> ReYoga spendet Yogamatten und Yogazubeh\u00f6r, um die italienische Menschenhilfsorganisation EMERGENCY beim Sammeln von Spenden zu unterst\u00fctzen. In Pop-up Stores werden dann die Artikel verkauft. <\/div> <\/div><style type=\"text\/css\">.thegem-button-6a9d2b0e3759e1752 .gem-button {font-size: 12px;}.thegem-button-6a9d2b0e3759e1752 .gem-button-text {font-size: 12px;}@media (max-width: 992px) {.thegem-button-6a9d2b0e3759e1752 .gem-button {font-size: 12px;}}@media (max-width: 992px) {.thegem-button-6a9d2b0e3759e1752 .gem-button-text {font-size: 12px;}}@media (max-width: 767px) {.thegem-button-6a9d2b0e3759e1752 .gem-button {font-size: 12px;}}@media (max-width: 767px) {.thegem-button-6a9d2b0e3759e1752 .gem-button-text {font-size: 12px;}}.thegem-button-6a9d2b0e3759e1752 .gem-button svg {fill: #76a070;}<\/style><div class=\"gem-button-container gem-button-position-right thegem-button-6a9d2b0e3759e1752 \" ><a class=\"gem-button gem-button-size-tiny gem-button-style-flat gem-button-text-weight-normal gem-button-icon-position-left gem-button-tablet-size-tiny gem-button-mobile-size-tiny\" data-ll-effect=\"drop-right-without-wrap\" style=\"border-radius: 3px;background-color: rgba(255,255,255,0.01);color: #76a070;\" onmouseleave=\"this.style.backgroundColor='rgba(255,255,255,0.01)';this.style.color='#76a070';\" onmouseenter=\"\" href=\"https:\/\/yogastories.reyoga.eu\/de\/soziales-engagement\/reyoga-unterstuetzt-emergency\/\" target=\"_self\"><i class=\"gem-print-icon gem-icon-pack-elegant \">&#x24;<\/i>Weiterlesen<\/a><\/div> [vc_row_inner position_absolute=\"absolute\" position_absolute_offset_x=\"\" position_absolute_offset_y=\"7\" position_absolute_offset_x_tablet=\"\" position_absolute_vertical_tablet=\"bottom\" position_absolute_offset_y_tablet=\"\" position_absolute_offset_x_mobile=\"0\" position_absolute_vertical_mobile=\"bottom\" position_absolute_offset_y_mobile=\"-80\" css=\".vc_custom_1707822724475{padding-right: 25px !important;padding-left: 10px !important;}\" position_absolute_width=\"110%\"][vc_column_inner css=\".vc_custom_1707822614481{padding-top: 20px !important;padding-right: 25px !important;padding-bottom: 20px !important;padding-left: 25px !important;}\"][\/vc_column_inner][\/vc_row_inner][\/vc_column][\/vc_row]\t<\/div> <\/div>\n<div class=\"portfolio-item soziales-engagement col-xs-12 col-sm-6 col-md-4 item-animations-not-inited show-caption-border post-has-author post-33141 post type-post status-publish format-standard has-post-thumbnail category-soziales-engagement tag-gefluechtete tag-yoga-fuer-frauen\" data-default-sort=\"0\" data-sort-date=\"1688208919\"> <div class=\"thegem-template-wrapper thegem-template-loop-item thegem-template-29445 thegem-loop-post-33141\"> <style>.vc_custom_1707822582591{padding-top: 0px !important;padding-right: 0px !important;padding-bottom: 30px !important;padding-left: 0px !important;}.vc_custom_1707911241559{padding-top: 20px !important;padding-bottom: 5px !important;}.vc_custom_1707822684331{padding-top: 10px !important;}.vc_custom_1707822724475{padding-right: 25px !important;padding-left: 10px !important;}.vc_custom_1707822614481{padding-top: 20px !important;padding-right: 25px !important;padding-bottom: 20px !important;padding-left: 25px !important;}<\/style>[vc_row css=\".vc_custom_1707822582591{padding-top: 0px !important;padding-right: 0px !important;padding-bottom: 30px !important;padding-left: 0px !important;}\"][vc_column]<style>.thegem-te-loop-featured-media.thegem-custom-6a9d2b0e37dc41341:not(.custom-video-ratio).image-aspect-ratio .media-inner-wrap {aspect-ratio: 1;}.thegem-te-loop-featured-media.thegem-custom-6a9d2b0e37dc41341 .media-inner-wrap img {opacity: calc(100\/100);}.thegem-te-loop-featured-media.thegem-custom-6a9d2b0e37dc41341.image-hover-effect a:hover .media-inner-wrap img {opacity: calc(100\/100);}.thegem-te-loop-featured-media.thegem-custom-6a9d2b0e37dc41341 .media-inner-wrap:before {background-color: rgba(0,0,0,0.01);}.thegem-te-loop-featured-media.thegem-custom-6a9d2b0e37dc41341 .media-inner-wrap .portfolio-image-slider:before {background-color: rgba(0,0,0,0.01);}.thegem-te-loop-featured-media.thegem-custom-6a9d2b0e37dc41341.image-hover-effect a:hover .media-inner-wrap:before {background-color: rgba(210,228,154,0.47);}.thegem-te-loop-featured-media.thegem-custom-6a9d2b0e37dc41341 .media-inner-wrap {box-shadow: 0px 5px 5px -5px rgba(0,0,0,0.15);}.thegem-te-loop-featured-media.thegem-custom-6a9d2b0e37dc41341.image-hover-effect a:hover .media-inner-wrap {box-shadow: 0px 5px 5px -5px rgba(0,0,0,0.15);}<\/style><div class=\"thegem-te-loop-featured-media image-aspect-ratio image-hover-effect image-position-left appearance-type-image loop-item-type-justify thegem-custom-6a9d2b0e37dc41341\"> <a href=https:\/\/yogastories.reyoga.eu\/de\/soziales-engagement\/yoga-fuer-frauen-die-geschichte-einer-ukrainischen-yogalehrerin\/ target=_self> <div class=\"featured-media \"> <div class=\"media-inner-wrap\"> <picture> <source srcset=\"https:\/\/yogastories.reyoga.eu\/wp-content\/uploads\/2024\/04\/yoga-al-castello-1-thegem-product-justified-square-xl.jpg 1x\" sizes=\"100vw\"> <img src=\"https:\/\/yogastories.reyoga.eu\/wp-content\/uploads\/2024\/04\/yoga-al-castello-1-thegem-product-justified-square-xl.jpg\" width=\"700\" height=\"700\" class=\"attachment-thegem-product-justified-square-xl\" alt=\"Yoga f\u00fcr Frauen &#8211; die Geschichte einer ukrainischen Yogalehrerin\" \/> <\/picture> <\/div> <\/div> <\/a> <\/div><style>.thegem-te-post-title.thegem-custom-6a9d2b0e383938949 {justify-content: left; text-align: left;}.thegem-te-post-title.thegem-custom-6a9d2b0e383938949 .post-title {letter-spacing: 0px;}.thegem-te-post-title.thegem-custom-6a9d2b0e383938949 .post-title {text-transform: none;}.thegem-te-post-title.thegem-custom-6a9d2b0e383938949 .post-title span {max-height: initial; white-space: initial; display: -webkit-box; -webkit-line-clamp: 2; line-clamp: 2; -webkit-box-orient: vertical; overflow: hidden; text-overflow: ellipsis;}.thegem-te-post-title.thegem-custom-6a9d2b0e383938949 .post-title {font-size: 20px;}.thegem-te-post-title.thegem-custom-6a9d2b0e383938949 .post-title {line-height: 22px;}<\/style><div class=\"thegem-te-post-title vc_custom_1707911241559 thegem-custom-6a9d2b0e383938949\"> <div class=\"post-title title-h1 \"> <a href=https:\/\/yogastories.reyoga.eu\/de\/soziales-engagement\/yoga-fuer-frauen-die-geschichte-einer-ukrainischen-yogalehrerin\/ target=_self> <span>Yoga f\u00fcr Frauen &#8211; die Geschichte einer ukrainischen Yogalehrerin<\/span> <\/a> <\/div> <\/div><style>.thegem-te-post-excerpt.thegem-custom-6a9d2b0e386055680 {justify-content: left; text-align: left;}.thegem-te-post-excerpt.thegem-custom-6a9d2b0e386055680 .post-excerpt {max-height: initial; white-space: initial; display: -webkit-box; -webkit-line-clamp: 3; line-clamp: 3; -webkit-box-orient: vertical; overflow: hidden; text-overflow: ellipsis;}.thegem-te-post-excerpt.thegem-custom-6a9d2b0e386055680 .post-excerpt {font-size: 16px;}.thegem-te-post-excerpt.thegem-custom-6a9d2b0e386055680 .post-excerpt {line-height: 18px;}<\/style><div class=\"thegem-te-post-excerpt vc_custom_1707822684331 thegem-custom-6a9d2b0e386055680\"> <div class=\"post-excerpt \"> Der ukrainische Fl\u00fcchtling und Yogalehrer Yana bot den Frauen von Castel Ritaldi kostenlose Yogastunden an, um der Gemeinschaft, die sie in einer Zeit der Not aufnahm, etwas zur\u00fcckzugeben. <\/div> <\/div><style type=\"text\/css\">.thegem-button-6a9d2b0e389076933 .gem-button {font-size: 12px;}.thegem-button-6a9d2b0e389076933 .gem-button-text {font-size: 12px;}@media (max-width: 992px) {.thegem-button-6a9d2b0e389076933 .gem-button {font-size: 12px;}}@media (max-width: 992px) {.thegem-button-6a9d2b0e389076933 .gem-button-text {font-size: 12px;}}@media (max-width: 767px) {.thegem-button-6a9d2b0e389076933 .gem-button {font-size: 12px;}}@media (max-width: 767px) {.thegem-button-6a9d2b0e389076933 .gem-button-text {font-size: 12px;}}.thegem-button-6a9d2b0e389076933 .gem-button svg {fill: #76a070;}<\/style><div class=\"gem-button-container gem-button-position-right thegem-button-6a9d2b0e389076933 \" ><a class=\"gem-button gem-button-size-tiny gem-button-style-flat gem-button-text-weight-normal gem-button-icon-position-left gem-button-tablet-size-tiny gem-button-mobile-size-tiny\" data-ll-effect=\"drop-right-without-wrap\" style=\"border-radius: 3px;background-color: rgba(255,255,255,0.01);color: #76a070;\" onmouseleave=\"this.style.backgroundColor='rgba(255,255,255,0.01)';this.style.color='#76a070';\" onmouseenter=\"\" href=\"https:\/\/yogastories.reyoga.eu\/de\/soziales-engagement\/yoga-fuer-frauen-die-geschichte-einer-ukrainischen-yogalehrerin\/\" target=\"_self\"><i class=\"gem-print-icon gem-icon-pack-elegant \">&#x24;<\/i>Weiterlesen<\/a><\/div> [vc_row_inner position_absolute=\"absolute\" position_absolute_offset_x=\"\" position_absolute_offset_y=\"7\" position_absolute_offset_x_tablet=\"\" position_absolute_vertical_tablet=\"bottom\" position_absolute_offset_y_tablet=\"\" position_absolute_offset_x_mobile=\"0\" position_absolute_vertical_mobile=\"bottom\" position_absolute_offset_y_mobile=\"-80\" css=\".vc_custom_1707822724475{padding-right: 25px !important;padding-left: 10px !important;}\" position_absolute_width=\"110%\"][vc_column_inner css=\".vc_custom_1707822614481{padding-top: 20px !important;padding-right: 25px !important;padding-bottom: 20px !important;padding-left: 25px !important;}\"][\/vc_column_inner][\/vc_row_inner][\/vc_column][\/vc_row]\t<\/div> <\/div> <\/div><!-- .portflio-set --> <div class=\"portfolio-item-size-container\"> <div class=\"portfolio-item col-xs-12 col-sm-6 col-md-4 item-animations-not-inited show-caption-border post-has-author post-33141 post type-post status-publish format-standard has-post-thumbnail category-soziales-engagement tag-gefluechtete tag-yoga-fuer-frauen\"> <\/div> <\/div> <\/div><!-- .row--> <\/div><!-- .full-width --> <\/div><!-- .portfolio--> <\/div><!-- .portfolio-preloader-wrapper-->[\/vc_column][\/vc_row]<\/p>\n<\/div>","protected":false},"excerpt":{"rendered":"<p>[vc_row full_width=&#8220;stretch_row&#8220; equal_height=&#8220;yes&#8220; content_placement=&#8220;middle&#8220; css=&#8220;.vc_custom_1707917523730{margin-top: -24px !important;padding-top: 50px !important;padding-bottom: 50px !important;background-color: rgba(213,190,164,0.26) !important;*background-color: rgb(213,190,164) !important;}&#8220; tablet_padding_top=&#8220;50&#8243; tablet_padding_bottom=&#8220;50&#8243; mobile_padding_top=&#8220;0&#8243; mobile_padding_bottom=&#8220;0&#8243;][vc_column][vc_row_inner el_disable_mobile=&#8220;1&#8243;][vc_column_inner][vc_column_text&#8230;<\/p>\n","protected":false},"author":1,"featured_media":0,"parent":0,"menu_order":0,"comment_status":"closed","ping_status":"closed","template":"","meta":{"footnotes":""},"class_list":["post-29504","page","type-page","status-publish"],"_links":{"self":[{"href":"https:\/\/yogastories.reyoga.eu\/de\/wp-json\/wp\/v2\/pages\/29504","targetHints":{"allow":["GET"]}}],"collection":[{"href":"https:\/\/yogastories.reyoga.eu\/de\/wp-json\/wp\/v2\/pages"}],"about":[{"href":"https:\/\/yogastories.reyoga.eu\/de\/wp-json\/wp\/v2\/types\/page"}],"author":[{"embeddable":true,"href":"https:\/\/yogastories.reyoga.eu\/de\/wp-json\/wp\/v2\/users\/1"}],"replies":[{"embeddable":true,"href":"https:\/\/yogastories.reyoga.eu\/de\/wp-json\/wp\/v2\/comments?post=29504"}],"version-history":[{"count":7,"href":"https:\/\/yogastories.reyoga.eu\/de\/wp-json\/wp\/v2\/pages\/29504\/revisions"}],"predecessor-version":[{"id":33157,"href":"https:\/\/yogastories.reyoga.eu\/de\/wp-json\/wp\/v2\/pages\/29504\/revisions\/33157"}],"wp:attachment":[{"href":"https:\/\/yogastories.reyoga.eu\/de\/wp-json\/wp\/v2\/media?parent=29504"}],"curies":[{"name":"wp","href":"https:\/\/api.w.org\/{rel}","templated":true}]}}